{"id":193,"date":"2017-06-03T08:58:12","date_gmt":"2017-06-03T06:58:12","guid":{"rendered":"http:\/\/www.beo-bewegt.de\/?page_id=193"},"modified":"2020-03-23T12:19:43","modified_gmt":"2020-03-23T11:19:43","slug":"datenschutz","status":"publish","type":"page","link":"https:\/\/www.beo-bewegt.de\/bgm\/datenschutz\/","title":{"rendered":"Datenschutz"},"content":{"rendered":"<p><strong>Datenschutzerkl\u00e4rung<\/strong><\/p>\n<p>Vielen Dank f\u00fcr den Besuch unserer Webseite. F\u00fcr die Gesch\u00e4ftsf\u00fchrung der BEObewegt GbR hat der Schutz Ihrer Daten einen besonderen Stellenwert. Die Nutzung unserer Webseiten ist ohne jede Angabe von personenbezogenen Daten m\u00f6glich. Sofern Sie einen besonderen Service der BEObewegt GbR \u00fcber unsere Webseite in Anspruch nehmen m\u00f6chten, k\u00f6nnte die Verarbeitung von personenbezogenen Daten erforderlich werden. F\u00fcr den Fall, dass die Verarbeitung personenbezogener Daten erfolgt und f\u00fcr die Verarbeitung keine gesetzliche Grundlage besteht, holen wir die Einwilligung des Betroffenen ein.<\/p>\n<p>Die Verarbeitung personenbezogener Daten, wie Namen, Anschrift, E-Mail-Adresse oder Telefonnummer des Betroffenen, erfolgt immer unter Beachtung der europ\u00e4ischen Datenschutz-Grundverordnung und den f\u00fcr die BEObewegt GbR geltenden landesspezifischen Datenschutzgesetzen. In dieser Datenschutzerkl\u00e4rung informiert unser Unternehmen die Betroffenen \u00fcber die Art, den Umfang und den Zweck der von uns vorgenommenen Verarbeitung personenbezogenen Daten. Ferner werden die Betroffenen \u00fcber ihre Rechte aufgekl\u00e4rt.<\/p>\n<p>F\u00fcr einen m\u00f6glichst umfassenden Schutz der \u00fcber diese Webseite verarbeiteten Daten hat die BEObewegt GbR als Verantwortlicher der Datenverarbeitung umfangreiche technische und organisatorische Ma\u00dfnahmen realisiert. Dennoch k\u00f6nnen Daten\u00fcbertragungen im Internet Sicherheitsl\u00fccken aufweisen und ein vollst\u00e4ndiger Schutz ist nicht m\u00f6glich. Daher steht es jedem Betroffenen frei, personenbezogene Daten auch auf anderen Wegen an uns zu \u00fcbermitteln.<\/p>\n<h1><a name=\"_Toc513902906\"><\/a>1.\u00a0\u00a0 Begriffsbestimmungen<\/h1>\n<p>Diese Datenschutzerkl\u00e4rung benutzt Begriffe, die beim Erlass der Datenschutz-Grundverordnung (DSGVO) festgelegt wurden. Damit diese Datenschutzerkl\u00e4rung einfach lesbar und verst\u00e4ndlich ist, erkl\u00e4ren wir Ihnen vorab die verwendeten Begrifflichkeiten:<\/p>\n<h2><a name=\"_Toc513902907\"><\/a>1.1.\u00a0\u00a0\u00a0\u00a0\u00a0\u00a0\u00a0\u00a0\u00a0\u00a0\u00a0\u00a0 personenbezogene Daten<\/h2>\n<p>Personenbezogene Daten sind alle Daten und Informationen, einer identifizierten oder identifizierbaren nat\u00fcrlichen Person (Betroffener). Als identifizierbar wird ein Betroffener angesehen, der direkt oder indirekt, durch Zuordnung zu einer Kennung wie einem Namen, zu einer Kennnummer, zu Standortdaten, zu einer Online-Kennung oder zu einem oder mehreren besonderen Merkmalen, die Ausdruck der physischen, physiologischen, genetischen, psychischen, wirtschaftlichen, kulturellen oder sozialen Identit\u00e4t dieser nat\u00fcrlichen Person sind, identifiziert werden kann.<\/p>\n<h2><a name=\"_Toc513902908\"><\/a>1.2.\u00a0\u00a0\u00a0\u00a0\u00a0\u00a0\u00a0\u00a0\u00a0\u00a0\u00a0\u00a0 Betroffene<\/h2>\n<p>Betroffene sind Personen deren personenbezogene Daten durch den Verantwortlichen verarbeitet werden.<\/p>\n<h2><a name=\"_Toc513902909\"><\/a>1.3.\u00a0\u00a0\u00a0\u00a0\u00a0\u00a0\u00a0\u00a0\u00a0\u00a0\u00a0\u00a0 Verarbeitung<\/h2>\n<p>Verarbeitung ist jeder Vorgang oder jede Vorgangsreihe im Zusammenhang mit personenbezogenen Daten wie das Erheben, das Erfassen, das Organisieren, das Ordnen, das Speichern, das Anpassen oder Ver\u00e4ndern, das Auslesen, das Abfragen, das Verwenden, as Offenlegen durch \u00dcbermittlung, Verbreiten oder jede andere Form des Bereitstellen, den Abgleich oder die Verkn\u00fcpfung, die Einschr\u00e4nkung, das L\u00f6schen oder die Vernichtung.<\/p>\n<h2><a name=\"_Toc513902910\"><\/a>1.4.\u00a0\u00a0\u00a0\u00a0\u00a0\u00a0\u00a0\u00a0\u00a0\u00a0\u00a0\u00a0 Einschr\u00e4nkung der Verarbeitung<\/h2>\n<p>Einschr\u00e4nkung der Verarbeitung ist die Markierung gespeicherter personenbezogener Daten mit dem Ziel, ihre k\u00fcnftige Verarbeitung einzuschr\u00e4nken.<\/p>\n<h2><a name=\"_Toc513902911\"><\/a>1.5.\u00a0\u00a0\u00a0\u00a0\u00a0\u00a0\u00a0\u00a0\u00a0\u00a0\u00a0\u00a0 Pseudonymisierung<\/h2>\n<p>Pseudonymisierung ist die Verarbeitung personenbezogener Daten, so dass die personenbezogenen Daten ohne Hilfe weiterer Informationen nicht mehr einem Betroffenen zugeordnet werden k\u00f6nnen. Diese zus\u00e4tzlichen Informationen m\u00fcssen sicher und getrennt aufbewahrt werden, damit die personenbezogenen Daten nicht dem Betroffenen zugeordnet werden k\u00f6nnen.<\/p>\n<h2><a name=\"_Toc513902912\"><\/a>1.6.\u00a0\u00a0\u00a0\u00a0\u00a0\u00a0\u00a0\u00a0\u00a0\u00a0\u00a0\u00a0 Verantwortlicher<\/h2>\n<p>Verantwortlicher oder f\u00fcr die Verarbeitung Verantwortlicher ist das Unternehmen oder die Person, Beh\u00f6rde, Einrichtung oder andere Stelle, die allein oder gemeinsam mit anderen \u00fcber die Verarbeitung der personenbezogenen Daten entscheidet.<\/p>\n<h2><a name=\"_Toc513902913\"><\/a>1.7.\u00a0\u00a0\u00a0\u00a0\u00a0\u00a0\u00a0\u00a0\u00a0\u00a0\u00a0\u00a0 Auftragsverarbeiter<\/h2>\n<p>Auftragsverarbeiter ist ein Unternehmen oder eine Person, Beh\u00f6rde, Einrichtung, oder andere Stelle, die personenbezogene Daten im Auftrag des Verantwortlichen verarbeitet.<\/p>\n<h2><a name=\"_Toc513902914\"><\/a>1.8.\u00a0\u00a0\u00a0\u00a0\u00a0\u00a0\u00a0\u00a0\u00a0\u00a0\u00a0\u00a0 Empf\u00e4nger<\/h2>\n<p>Empf\u00e4nger ist ein Unternehmen, Person, Beh\u00f6rde, Einrichtung oder andere Stelle, der personenbezogene Daten durch \u00dcbermittlung offengelegt wurden. Beh\u00f6rden, die im Rahmen eines Untersuchungsauftrags m\u00f6glicherweise personenbezogene Daten erhalten, gelten jedoch nicht als Empf\u00e4nger.<\/p>\n<h2><a name=\"_Toc513902915\"><\/a>1.9.\u00a0\u00a0\u00a0\u00a0\u00a0\u00a0\u00a0\u00a0\u00a0\u00a0\u00a0\u00a0 Dritter<\/h2>\n<p>Dritter ist ein Unternehmen, eine Person, Beh\u00f6rde, Einrichtung oder andere Stelle au\u00dfer dem Betroffenen, dem Verantwortlichen, dem Auftragsverarbeiter und die unter der unmittelbaren Verantwortung des Verantwortlichen oder des Auftragsverarbeiters unterstehen und befugt sind, die personenbezogenen Daten zu verarbeiten.<\/p>\n<h2><a name=\"_Toc513902916\"><\/a>1.10.\u00a0\u00a0\u00a0\u00a0\u00a0\u00a0\u00a0\u00a0 Einwilligung<\/h2>\n<p>Einwilligung ist jede von der betroffenen Person freiwillig f\u00fcr einen bestimmten Fall in informierter und unmissverst\u00e4ndlich Weise abgegebene Erkl\u00e4rung oder sonstige eindeutige best\u00e4tigende Handlung, mit der die betroffene Person zu verstehen gibt, dass sie mit der Verarbeitung der ihrer personenbezogenen Daten einverstanden ist.<\/p>\n<p><strong>\u00a0<\/strong><\/p>\n<h1><a name=\"_Toc513902917\"><\/a>2.\u00a0\u00a0 Name und Anschrift des f\u00fcr die Verarbeitung Verantwortlichen<\/h1>\n<p>Verantwortlicher im Sinne der Datenschutz-Grundverordnung, sonstiger in den Mitgliedstaaten der Europ\u00e4ischen Union geltenden Datenschutzgesetze und anderer Bestimmungen mit datenschutzrechtlichem Charakter ist die:<\/p>\n<p>BEObewegt GbR<br \/>\nLange Str. 104b<\/p>\n<p>33014 Bad Driburg<br \/>\nDeutschland<\/p>\n<p>Tel.: 05253-9753640<br \/>\nE-Mail: <a href=\"mailto:info@beo-bewegt.de\">info@beo-bewegt.de<\/a><br \/>\nWebsite: www.beo-bewegt.de<\/p>\n<h1><a name=\"_Toc513902919\"><\/a>3.\u00a0\u00a0 Cookies<\/h1>\n<p>Die Webseiten der BEObewegt GbR verwenden Cookies. Cookies sind Textdateien, die \u00fcber einen Internetbrowser auf einem Computersystem gespeichert werden.<\/p>\n<p>Viele Cookies enthalten eine eindeutige Kennung, die sogenannte Cookie-ID. Durch diese Cookie-ID k\u00f6nnen besuchte Webseiten und Server dem dazu benutzten Internetbrowser zugeordnet werden, in dem dieses Cookie gespeichert wurde. Dies erm\u00f6glicht es den besuchten Webseiten, den Internetbrowser des Betroffenen von anderen Internetbrowsern, die auch andere Cookies enthalten, zu unterscheiden. Damit kann ein bestimmter Internetbrowser und damit m\u00f6glicherweise ein Betroffener wiedererkannt und identifiziert werden.<\/p>\n<p>Durch den Einsatz von Cookies kann die BEObewegt GbR die Informationen und Angebote unserer Webseite f\u00fcr den Benutzer optimiert darstellen. Cookies erm\u00f6glichen es uns die Benutzer unserer Webseite wiederzuerkennen. Zweck dieser Wiedererkennung ist es, den Nutzern die Verwendung unserer Webseite zu erleichtern.<\/p>\n<p>Der Betroffene kann die Speicherung von Cookies durch unsere Webseite jederzeit durch Einstellungen des benutzten Internetbrowsers verhindern und damit der Speicherung von Cookies dauerhaft widersprechen. Bereits gespeicherte Cookies k\u00f6nnen jederzeit gel\u00f6scht werden. Dies ist in allen g\u00e4ngigen Internetbrowsern m\u00f6glich. Durch Deaktivierung der Cookies durch den Betroffenen, k\u00f6nnen M\u00f6glicherweise nicht alle Funktionen unserer Webseiten vollst\u00e4ndig genutzt werden.<\/p>\n<h1><a name=\"_Toc513902920\"><\/a>4.\u00a0\u00a0 Erfassung von allgemeinen Daten und Informationen<\/h1>\n<p>Unsere Webseite erfasst bei jedem Aufruf durch einen Betroffenen oder ein automatisiertes System eine Reihe von allgemeinen Informationen. Diese allgemeinen Informationen werden in den Protokolldateien unseres Webservers gespeichert. Erfasst werden k\u00f6nnen die verwendeten Browser und Versionen, das vom zugreifenden System verwendete Betriebssystem, die Webseite, von welcher ein zugreifendes System auf unsere Webseite gelangt, die Unterwebseiten, welche auf unserer Webseite angesteuert werden, das Datum und die Uhrzeit des Zugriffs auf unsere Webseite, eine Internet-Protokoll-Adresse (IP-Adresse), der Internet-Service-Provider des zugreifenden Systems und weitere \u00e4hnliche Informationen, die der Gefahrenabwehr von Angriffen auf unsere Systeme dienen k\u00f6nnen.<\/p>\n<p>Bei der Nutzung dieser allgemeinen Daten und Informationen zieht die BEObewegt GbR keine R\u00fcckschl\u00fcsse auf den Betroffenen. Diese Informationen werden vielmehr ben\u00f6tigt, um die Inhalte unserer Webseite korrekt auszuliefern, sowie die Werbung f\u00fcr diese zu optimieren, die dauerhafte Funktionsf\u00e4higkeit unserer Systeme und Technik unserer Webseite zu sichern sowie um Strafverfolgungsbeh\u00f6rden im Falle eines Cyberangriffes die zur Strafverfolgung notwendigen Informationen bereitzustellen. Diese anonym erhobenen Informationen werden zum einem durch die BEObewegt GbR statistisch ausgewertet.<\/p>\n<p>Weiter werden diese Informationen analysiert um den Datenschutz und die Datensicherheit zu erh\u00f6hen und um den Schutz f\u00fcr die von uns verarbeiteten personenbezogenen Daten sicherzustellen. Die anonymen Daten der Protokolldateien werden getrennt von den personenbezogenen Daten, die von den Betroffen eigegeben wurden, gespeichert.<\/p>\n<h1><a name=\"_Toc513902924\"><\/a>5.\u00a0\u00a0 Kontaktm\u00f6glichkeit \u00fcber die Webseite<\/h1>\n<p>Die Webseite der BEObewegt GbR enth\u00e4lt eine E-Mail-Adresse und eine Telefonnummer, die eine schnelle elektronische Kontaktaufnahme sowie eine unmittelbare Kommunikation mit unserem Unternehmen erm\u00f6glichen. Sofern ein Betroffener per E-Mail oder \u00fcber ein Kontaktformular den Kontakt mit dem Verantwortlichen aufnimmt, werden die von der betroffenen Person \u00fcbermittelten personenbezogenen Daten automatisch gespeichert. Solche auf freiwilliger Basis von einem Betroffenen an den Verantwortlichen \u00fcbermittelten personenbezogenen Daten werden ausschlie\u00dflich f\u00fcr Zwecke der Bearbeitung oder der Kontaktaufnahme zur betroffenen Person gespeichert. Es erfolgt keine Weitergabe dieser personenbezogenen Daten an Dritte.<\/p>\n<h1><a name=\"_Toc513902927\"><\/a>6.\u00a0\u00a0 Routinem\u00e4\u00dfige L\u00f6schung und Sperrung von personenbezogenen Daten<\/h1>\n<p>Der Verantwortliche verarbeitet und speichert personenbezogene Daten der nur f\u00fcr den Zeitraum, der zur Erreichung des Speicherungszwecks erforderlich ist oder solange wie dies in Gesetzen oder Vorschriften, welchen der Verantwortliche unterliegt, vorgesehen wurde.<\/p>\n<p>Entf\u00e4llt der Speicherungszweck oder l\u00e4uft die vom zust\u00e4ndigen Gesetzgeber vorgeschriebene Speicherfrist ab, werden die personenbezogenen Daten routinem\u00e4\u00dfig und entsprechend den gesetzlichen Vorschriften gesperrt oder gel\u00f6scht.<\/p>\n<h1><a name=\"_Toc513902928\"><\/a>7.\u00a0\u00a0 Rechte der betroffenen Person<\/h1>\n<h2><a name=\"_Toc513902929\"><\/a>7.1.\u00a0\u00a0\u00a0\u00a0\u00a0\u00a0\u00a0\u00a0\u00a0\u00a0\u00a0\u00a0 Recht auf Best\u00e4tigung<\/h2>\n<p>Jeder Betroffene hat das Recht, von dem Verantwortlichen eine Best\u00e4tigung zu verlangen, ob betreffende personenbezogene Daten verarbeitet werden. M\u00f6chte ein Betroffener dieses Recht in Anspruch nehmen, kann sich dieser hierzu an unseren Datenschutzbeauftragten oder einen anderen Mitarbeiter wenden.<\/p>\n<h2><a name=\"_Toc513902930\"><\/a>7.2.\u00a0\u00a0\u00a0\u00a0\u00a0\u00a0\u00a0\u00a0\u00a0\u00a0\u00a0\u00a0 Recht auf Auskunft<\/h2>\n<p>Jeder von der Verarbeitung personenbezogener Daten Betroffener hat das Recht, von dem Verantwortlichen unentgeltliche Auskunft \u00fcber die zu seiner Person gespeicherten personenbezogenen Daten und eine Kopie dieser zu erhalten. Ferner hat der Betroffenen das Recht Auskunft \u00fcber folgende Informationen zu erhalten:<\/p>\n<ul>\n<li>die Verarbeitungszwecke<\/li>\n<li>die Kategorien personenbezogener Daten, die verarbeitet werden<\/li>\n<li>die Empf\u00e4nger oder Kategorien von Empf\u00e4ngern, gegen\u00fcber denen die personenbezogenen Daten offengelegt worden sind oder noch offengelegt werden, insbesondere bei Empf\u00e4ngern in Drittl\u00e4ndern oder bei internationalen Organisationen<\/li>\n<li>falls m\u00f6glich die geplante Dauer, f\u00fcr die die personenbezogenen Daten gespeichert werden, oder, falls dies nicht m\u00f6glich ist, die Kriterien f\u00fcr die Festlegung dieser Dauer<\/li>\n<li>das Bestehen eines Rechts auf Berichtigung oder L\u00f6schung der sie betreffenden personenbezogenen Daten oder auf Einschr\u00e4nkung der Verarbeitung durch den Verantwortlichen oder eines Widerspruchsrechts gegen diese Verarbeitung<\/li>\n<li>das Bestehen eines Beschwerderechts bei einer Aufsichtsbeh\u00f6rde<\/li>\n<li>wenn die personenbezogenen Daten nicht bei der betroffenen Person erhoben werden: Alle verf\u00fcgbaren Informationen \u00fcber die Herkunft der Daten<\/li>\n<li>das Bestehen einer automatisierten Entscheidungsfindung einschlie\u00dflich Profiling gem\u00e4\u00df Artikel 22 Abs.1 und 4 DSGVO und \u2014 zumindest in diesen F\u00e4llen \u2014 aussagekr\u00e4ftige Informationen \u00fcber die involvierte Logik sowie die Tragweite und die angestrebten Auswirkungen einer derartigen Verarbeitung f\u00fcr die betroffene Person.<\/li>\n<\/ul>\n<p>Ferner steht dem Betroffenen ein Auskunftsrecht dar\u00fcber zu, ob personenbezogene Daten an ein Drittland oder an eine internationale Organisation \u00fcbermittelt wurden. Sofern dies der Fall ist, so steht dem Betroffenen im \u00dcbrigen das Recht zu, Auskunft \u00fcber die geeigneten Garantien im Zusammenhang mit der \u00dcbermittlung zu erhalten.<\/p>\n<p>M\u00f6chte ein Betroffener dieses Auskunftsrecht in Anspruch nehmen, kann dieser sich hierzu jederzeit an unseren Datenschutzbeauftragten oder einen anderen Mitarbeiter des Verantwortlichen wenden.<\/p>\n<h2><a name=\"_Toc513902931\"><\/a>7.3.\u00a0\u00a0\u00a0\u00a0\u00a0\u00a0\u00a0\u00a0\u00a0\u00a0\u00a0\u00a0 Recht auf Berichtigung<\/h2>\n<p>Jeder von der Verarbeitung personenbezogener Daten Betroffener hat das Recht, die unverz\u00fcgliche Berichtigung sie betreffender unrichtiger personenbezogener Daten zu verlangen. Ferner steht dem Betroffenen das Recht zu, unter Ber\u00fccksichtigung der Zwecke der Verarbeitung, die Vervollst\u00e4ndigung unvollst\u00e4ndiger personenbezogener Daten \u2014 auch mittels einer erg\u00e4nzenden Erkl\u00e4rung \u2014 zu verlangen.<\/p>\n<p>M\u00f6chte ein Betroffener dieses Berichtigungsrecht in Anspruch nehmen, kann dieser sich hierzu jederzeit an unseren Datenschutzbeauftragten oder einen anderen Mitarbeiter des Verantwortlichen wenden.<\/p>\n<h2><a name=\"_Toc513902932\"><\/a>7.4.\u00a0\u00a0\u00a0\u00a0\u00a0\u00a0\u00a0\u00a0\u00a0\u00a0\u00a0\u00a0 Recht auf L\u00f6schung (Recht auf Vergessen werden)<\/h2>\n<p>Jeder von der Verarbeitung personenbezogener Daten Betroffener hat das Recht, von dem Verantwortlichen zu verlangen, dass die ihn betreffenden personenbezogenen Daten unverz\u00fcglich gel\u00f6scht werden, sofern einer der folgenden Gr\u00fcnde zutrifft und soweit die Verarbeitung nicht erforderlich ist:<\/p>\n<ul>\n<li>Die personenbezogenen Daten wurden f\u00fcr solche Zwecke erhoben oder auf sonstige Weise verarbeitet, f\u00fcr welche sie nicht mehr notwendig sind.<\/li>\n<li>Die betroffene Person widerruft ihre Einwilligung, auf die sich die Verarbeitung gem\u00e4\u00df Art. 6 Abs. 1 Buchstabe a DSGVO oder Art. 9 Abs. 2 Buchstabe a DSGVO st\u00fctzte, und es fehlt an einer anderweitigen Rechtsgrundlage f\u00fcr die Verarbeitung.<\/li>\n<li>Die betroffene Person legt gem\u00e4\u00df Art. 21 Abs. 1 DSGVO Widerspruch gegen die Verarbeitung ein, und es liegen keine vorrangigen berechtigten Gr\u00fcnde f\u00fcr die Verarbeitung vor, oder die betroffene Person legt gem\u00e4\u00df Art. 21 Abs. 2 DSGVO Widerspruch gegen die Verarbeitung ein.<\/li>\n<li>Die personenbezogenen Daten wurden unrechtm\u00e4\u00dfig verarbeitet.<\/li>\n<li>Die L\u00f6schung der personenbezogenen Daten ist zur Erf\u00fcllung einer rechtlichen Verpflichtung nach dem Unionsrecht oder dem Recht der Mitgliedstaaten erforderlich, dem der Verantwortliche unterliegt.<\/li>\n<li>Die personenbezogenen Daten wurden in Bezug auf angebotene Dienste der Informationsgesellschaft gem\u00e4\u00df Art. 8 Abs. 1 DSGVO erhoben.<\/li>\n<\/ul>\n<p>Sofern einer der oben genannten Gr\u00fcnde zutrifft und ein Betroffener die L\u00f6schung von personenbezogenen Daten, die bei der BEObewegt GbR gespeichert sind, veranlassen m\u00f6chte, kann dieser sich hierzu an unseren Datenschutzbeauftragten oder einen anderen Mitarbeiter des Verantwortlichen wenden. Der Datenschutzbeauftragte der BEObewegt GbR oder ein anderer Mitarbeiter wird veranlassen, dass dem L\u00f6schverlangen unverz\u00fcglich nachgekommen wird.<\/p>\n<p>Wurden die personenbezogenen Daten von der BEObewegt GbR \u00f6ffentlich gemacht und ist unser Unternehmen als Verantwortlicher gem\u00e4\u00df Art. 17 Abs. 1 DSGVO zur L\u00f6schung der personenbezogenen Daten verpflichtet, so trifft die BEObewegt GbR unter Ber\u00fccksichtigung der verf\u00fcgbaren Technologie und deren Implementierungskosten angemessene Ma\u00dfnahmen, auch technischer Art, um andere f\u00fcr die Datenverarbeitung Verantwortliche, welche die ver\u00f6ffentlichten personenbezogenen Daten verarbeiten, dar\u00fcber in Kenntnis zu setzen, dass die betroffene Person von diesen anderen f\u00fcr die Datenverarbeitung Verantwortlichen die L\u00f6schung s\u00e4mtlicher Links zu diesen personenbezogenen Daten oder von Kopien oder Replikationen dieser personenbezogenen Daten verlangt hat, soweit die Verarbeitung nicht erforderlich ist. Der Datenschutzbeauftragte der BEObewegt GbR oder ein anderer Mitarbeiter wird im Einzelfall das Notwendige veranlassen.<\/p>\n<h2><a name=\"_Toc513902933\"><\/a>7.5.\u00a0\u00a0\u00a0\u00a0\u00a0\u00a0\u00a0\u00a0\u00a0\u00a0\u00a0\u00a0 Recht auf Einschr\u00e4nkung der Verarbeitung<\/h2>\n<p>Jeder von der Verarbeitung personenbezogener Daten Betroffener hat das Recht, von dem Verantwortlichen die Einschr\u00e4nkung der Verarbeitung zu verlangen, wenn eine der folgenden Voraussetzungen gegeben ist:<\/p>\n<ul>\n<li>Die Richtigkeit der personenbezogenen Daten wird von der betroffenen Person bestritten, und zwar f\u00fcr eine Dauer, die es dem Verantwortlichen erm\u00f6glicht, die Richtigkeit der personenbezogenen Daten zu \u00fcberpr\u00fcfen.<\/li>\n<li>Die Verarbeitung ist unrechtm\u00e4\u00dfig, die betroffene Person lehnt die L\u00f6schung der personenbezogenen Daten ab und verlangt stattdessen die Einschr\u00e4nkung der Nutzung der personenbezogenen Daten.<\/li>\n<li>Der Verantwortliche ben\u00f6tigt die personenbezogenen Daten f\u00fcr die Zwecke der Verarbeitung nicht l\u00e4nger, die betroffene Person ben\u00f6tigt sie jedoch zur Geltendmachung, Aus\u00fcbung oder Verteidigung von Rechtsanspr\u00fcchen.<\/li>\n<li>Die betroffene Person hat Widerspruch gegen die Verarbeitung gem. Art. 21 Abs. 1 DSGVO eingelegt und es steht noch nicht fest, ob die berechtigten Gr\u00fcnde des Verantwortlichen gegen\u00fcber denen der betroffenen Person \u00fcberwiegen.<\/li>\n<\/ul>\n<p>Sofern eine der oben genannten Voraussetzungen gegeben ist und ein Betroffener die Einschr\u00e4nkung von personenbezogenen Daten, die bei der BEObewegt GbR gespeichert sind, verlangen m\u00f6chte, kann er sich hierzu jederzeit an unseren Datenschutzbeauftragten oder einen anderen Mitarbeiter des Verantwortlichen wenden. Der Datenschutzbeauftragte der BEObewegt GbR oder ein anderer Mitarbeiter wird die Einschr\u00e4nkung der Verarbeitung veranlassen.<\/p>\n<h2><a name=\"_Toc513902934\"><\/a>7.6.\u00a0\u00a0\u00a0\u00a0\u00a0\u00a0\u00a0\u00a0\u00a0\u00a0\u00a0\u00a0 Recht auf Daten\u00fcbertragbarkeit<\/h2>\n<p>Jeder von der Verarbeitung personenbezogener Daten Betroffener hat das Recht, die ihn betreffenden personenbezogenen Daten, welche dem Verantwortlichen bereitgestellt wurden, in einem strukturierten, g\u00e4ngigen und maschinenlesbaren Format zu erhalten. Er hat au\u00dferdem das Recht, diese Daten einem anderen Verantwortlichen ohne Behinderung durch den Verantwortlichen, dem die personenbezogenen Daten bereitgestellt wurden, zu \u00fcbermitteln, sofern die Verarbeitung auf der Einwilligung gem\u00e4\u00df Art. 6 Abs. 1 Buchstabe a DSGVO oder Art. 9 Abs. 2 Buchstabe a DSGVO oder auf einem Vertrag gem\u00e4\u00df Art. 6 Abs. 1 Buchstabe b DSGVO beruht und die Verarbeitung mithilfe automatisierter Verfahren erfolgt, sofern die Verarbeitung nicht f\u00fcr die Wahrnehmung einer Aufgabe erforderlich ist, die im \u00f6ffentlichen Interesse liegt oder in Aus\u00fcbung \u00f6ffentlicher Gewalt erfolgt, welche dem Verantwortlichen \u00fcbertragen wurde.<\/p>\n<p>Ferner hat der Betroffene bei der Aus\u00fcbung des Rechts auf Daten\u00fcbertragbarkeit gem\u00e4\u00df Art. 20 Abs. 1 DSGVO das Recht, zu erwirken, dass die personenbezogenen Daten direkt von einem Verantwortlichen an einen anderen Verantwortlichen \u00fcbermittelt werden, soweit dies technisch m\u00f6glich ist und sofern hiervon nicht die Rechte und Freiheiten anderer Personen beeintr\u00e4chtigt werden.<\/p>\n<p>Zur Geltendmachung des Rechts auf Daten\u00fcbertragbarkeit kann sich der Betroffene jederzeit an den von der BEObewegt GbR bestellten Datenschutzbeauftragten oder einen anderen Mitarbeiter wenden.<\/p>\n<h2><a name=\"_Toc513902935\"><\/a>7.7.\u00a0\u00a0\u00a0\u00a0\u00a0\u00a0\u00a0\u00a0\u00a0\u00a0\u00a0\u00a0 Recht auf Widerspruch<\/h2>\n<p>Jeder von der Verarbeitung personenbezogener Daten Betroffene hat das Recht, aus Gr\u00fcnden, die sich aus ihrer besonderen Situation ergeben, jederzeit gegen die Verarbeitung sie betreffender personenbezogener Daten, die aufgrund von Art. 6 Abs. 1 Buchstaben e oder f DS-GVO erfolgt, Widerspruch einzulegen. Dies gilt auch f\u00fcr ein auf diese Bestimmungen gest\u00fctztes Profiling.<\/p>\n<p>Die BEObewegt GbR verarbeitet die personenbezogenen Daten im Falle des Widerspruchs nicht mehr, es sei denn, wir k\u00f6nnen zwingende schutzw\u00fcrdige Gr\u00fcnde f\u00fcr die Verarbeitung nachweisen, die den Interessen, Rechten und Freiheiten des Betroffenen \u00fcberwiegt, oder die Verarbeitung dient der Geltendmachung, Aus\u00fcbung oder Verteidigung von Rechtsanspr\u00fcchen.<\/p>\n<p>Verarbeitet die BEObewegt GbR personenbezogene Daten, um Direktwerbung zu betreiben, so hat der Betroffene das Recht, jederzeit Widerspruch gegen die Verarbeitung der personenbezogenen Daten zum Zwecke derartiger Werbung einzulegen. Dies gilt auch f\u00fcr das Profiling, soweit es mit solcher Direktwerbung in Verbindung steht. Widerspricht der Betroffene gegen\u00fcber der BEObewegt GbR der Verarbeitung f\u00fcr Zwecke der Direktwerbung, so wird die BEObewegt GbR die personenbezogenen Daten nicht mehr f\u00fcr diese Zwecke verarbeiten.<\/p>\n<p>Zudem hat der Betroffene das Recht, aus Gr\u00fcnden, die sich aus seiner besonderen Situation ergeben, gegen die betreffende Verarbeitung personenbezogener Daten, die bei der BEObewegt GbR zu wissenschaftlichen oder historischen Forschungszwecken oder zu statistischen Zwecken gem\u00e4\u00df Art. 89 Abs. 1 DSGVO erfolgen, Widerspruch einzulegen, es sei denn, eine solche Verarbeitung ist zur Erf\u00fcllung einer im \u00f6ffentlichen Interesse liegenden Aufgabe erforderlich.<\/p>\n<p>Zur Aus\u00fcbung des Rechts auf Widerspruch kann sich der Betroffene direkt an den Datenschutzbeauftragten der BEObewegt GbR oder einen anderen Mitarbeiter wenden. Dem Betroffenen steht es ferner frei, im Zusammenhang mit der Nutzung von Diensten der Informationsgesellschaft, ungeachtet der Richtlinie 2002\/58\/EG, ihr Widerspruchsrecht mittels automatisierter Verfahren auszu\u00fcben, bei denen technische Spezifikationen verwendet werden.<\/p>\n<h2><a name=\"_Toc513902936\"><\/a>7.8.\u00a0\u00a0\u00a0\u00a0\u00a0\u00a0\u00a0\u00a0\u00a0\u00a0\u00a0\u00a0 Automatisierte Entscheidungen im Einzelfall einschlie\u00dflich Profiling<\/h2>\n<p>Jeder von der Verarbeitung personenbezogener Daten Betroffener hat das Recht, nicht einer ausschlie\u00dflich auf einer automatisierten Verarbeitung \u2013 einschlie\u00dflich Profiling \u2013 beruhenden Entscheidung unterworfen zu werden, die ihm gegen\u00fcber rechtliche Wirkung entfaltet oder ihn in \u00e4hnlicher Weise erheblich beeintr\u00e4chtigt, sofern die Entscheidung nicht f\u00fcr den Abschluss oder die Erf\u00fcllung eines Vertrags zwischen der betroffenen Person und dem Verantwortlichen erforderlich ist, oder aufgrund von Rechtsvorschriften, denen der Verantwortliche unterliegt, zul\u00e4ssig ist und diese Rechtsvorschriften angemessene Ma\u00dfnahmen zur Wahrung der Rechte und Freiheiten sowie der berechtigten Interessen des Betroffenen enthalten oder mit ausdr\u00fccklicher Einwilligung erfolgt.<\/p>\n<p>Ist die Entscheidung f\u00fcr den Abschluss oder die Erf\u00fcllung eines Vertrags zwischen dem Betroffenen und dem Verantwortlichen erforderlich oder erfolgt sie mit ausdr\u00fccklicher Einwilligung des Betroffenen, trifft die BEObewegt GbR angemessene Ma\u00dfnahmen, um die Rechte und Freiheiten sowie die berechtigten Interessen des Betroffenen zu wahren, wozu mindestens das Recht auf Erwirkung des Eingreifens einer Person seitens des Verantwortlichen, auf Darlegung des eigenen Standpunkts und auf Anfechtung der Entscheidung geh\u00f6rt.<\/p>\n<p>M\u00f6chte der Betroffene Rechte mit Bezug auf automatisierte Entscheidungen geltend machen, kann er sich hierzu an unseren Datenschutzbeauftragten oder einen anderen Mitarbeiter des Verantwortlichen wenden.<\/p>\n<h2><a name=\"_Toc513902937\"><\/a>7.9.\u00a0\u00a0\u00a0\u00a0\u00a0\u00a0\u00a0\u00a0\u00a0\u00a0\u00a0\u00a0 Recht auf Widerruf einer datenschutzrechtlichen Einwilligung<\/h2>\n<p>Jeder von der Verarbeitung personenbezogener Daten Betroffene hat das Recht, eine Einwilligung zur Verarbeitung personenbezogener Daten jederzeit zu widerrufen.<\/p>\n<p>M\u00f6chte der Betroffene sein Recht auf Widerruf einer Einwilligung geltend machen, kann er sich hierzu jederzeit an unseren Datenschutzbeauftragten oder einen anderen Mitarbeiter des Verantwortlichen wenden.<\/p>\n<h1><\/h1>\n<h1><a name=\"_Toc513902939\"><\/a>8.\u00a0\u00a0 Rechtsgrundlage der Verarbeitung<\/h1>\n<p>Der Art.\u00a06\u00a0Abs.\u00a01\u00a0a DSGVO dient der BEObewegt GbR als Rechtsgrundlage f\u00fcr Verarbeitungsvorg\u00e4nge, bei denen wir eine Einwilligung f\u00fcr einen bestimmten Verarbeitungszweck einholen. Ist die Verarbeitung personenbezogener Daten zur Erf\u00fcllung eines Vertrags, dessen Vertragspartei der Betroffene ist, erforderlich, wie dies beispielsweise bei Verarbeitungsvorg\u00e4ngen der Fall ist, die f\u00fcr eine Lieferung von Waren oder die Erbringung einer sonstigen Leistung oder Gegenleistung notwendig sind, so beruht die Verarbeitung auf Art. 6 Abs. 1 b DSGVO. Gleiches gilt f\u00fcr solche Verarbeitungsvorg\u00e4nge die zur Durchf\u00fchrung vorvertraglicher Ma\u00dfnahmen erforderlich sind, etwa in F\u00e4llen von Anfragen zur unseren Produkten oder Leistungen. Unterliegt unser Unternehmen einer rechtlichen Verpflichtung durch welche eine Verarbeitung von personenbezogenen Daten erforderlich wird, wie beispielsweise zur Erf\u00fcllung steuerlicher Pflichten, so basiert die Verarbeitung auf Art. 6 Abs. 1 c DSGVO. In seltenen F\u00e4llen k\u00f6nnte die Verarbeitung von personenbezogenen Daten erforderlich werden, um lebenswichtige Interessen der Betroffenen oder einer anderen nat\u00fcrlichen Person zu sch\u00fctzen. Dies w\u00e4re beispielsweise der Fall, wenn ein Besucher in unserem Betrieb verletzt werden w\u00fcrde und daraufhin sein Name, sein Alter, seine Krankenkassendaten oder sonstige schutzrelevante Informationen an einen Arzt, ein Krankenhaus oder sonstige Dritte weitergegeben werden m\u00fcssten. Dann w\u00fcrde die Verarbeitung auf Art. 6\u00a0Abs\u00a01\u00a0d DSGVO beruhen. Letztlich k\u00f6nnten Verarbeitungsvorg\u00e4nge auf Art. 6\u00a0Abs. 1\u00a0f DSGVO beruhen.<\/p>\n<p>Auf dieser Rechtsgrundlage basieren Verarbeitungsvorg\u00e4nge, die von keiner der vorgenannten Rechtsgrundlagen erfasst werden, wenn die Verarbeitung zur Wahrung eines berechtigten Interesses unseres Unternehmens oder eines Dritten erforderlich ist, sofern die Interessen, Grundrechte und Grundfreiheiten des Betroffenen nicht \u00fcberwiegen. Solche Verarbeitungsvorg\u00e4nge sind uns insbesondere deshalb gestattet, weil sie durch den Gesetzgeber besonders erw\u00e4hnt wurden (Erw\u00e4gungsgrund 47 Satz 2 DSGVO).<\/p>\n<h1><a name=\"_Toc513902940\"><\/a>9. \u00a0\u00a0 Berechtigte Interessen an der Verarbeitung, die von dem Verantwortlichen oder einem Dritten verfolgt werden<\/h1>\n<p>Basiert die Verarbeitung personenbezogener Daten auf Artikel\u00a06\u00a0Abs. 1\u00a0f DSGVO ist unser berechtigtes Interesse die Durchf\u00fchrung unserer Gesch\u00e4ftst\u00e4tigkeit zugunsten des Wohlergehens all unserer Mitarbeiter und unserer Anteilseigner.<\/p>\n<h1><a name=\"_Toc513902941\"><\/a>10.\u00a0\u00a0\u00a0 Dauer, f\u00fcr die die personenbezogenen Daten gespeichert werden<\/h1>\n<p>Das Kriterium f\u00fcr die Dauer der Speicherung von personenbezogenen Daten ist die jeweilige gesetzliche Aufbewahrungsfrist. Nach Ablauf der Frist werden die entsprechenden Daten routinem\u00e4\u00dfig gel\u00f6scht, sofern sie nicht mehr zur Vertragserf\u00fcllung oder Vertragsanbahnung erforderlich sind.<\/p>\n<h1><a name=\"_Toc513902942\"><\/a>11.\u00a0\u00a0\u00a0 Gesetzliche oder vertragliche Vorschriften zur Bereitstellung der personenbezogenen Daten<\/h1>\n<p>Wir kl\u00e4ren Sie dar\u00fcber auf, dass die Bereitstellung personenbezogener Daten zum Teil gesetzlich vorgeschrieben ist (z.B. Steuervorschriften) oder sich auch aus vertraglichen Regelungen (z.B. Angaben zum Vertragspartner) ergeben kann. Mitunter kann es zu einem Vertragsschluss erforderlich sein, dass ein Betroffener uns personenbezogene Daten zur Verf\u00fcgung stellt, die in der Folge durch uns verarbeitet werden m\u00fcssen. Zum Abschluss eines Vertrages ist der Betroffene ist verpflichtet uns personenbezogene Daten bereitzustellen. Falls der Betroffen seine personenbezogenen Daten nicht bereitstellt kann kein Vertrag mit dem Betroffenen geschlossen werden. Vor einer Bereitstellung personenbezogener Daten <strong>durch<\/strong> den Betroffenen kann sich der Betroffene an unseren Datenschutzbeauftragten wenden.<\/p>\n<p>Unser Datenschutzbeauftragter kl\u00e4rt den Betroffenen einzelfallbezogen dar\u00fcber auf, ob die Bereitstellung der personenbezogenen Daten gesetzlich oder vertraglich vorgeschrieben oder f\u00fcr den Vertragsabschluss erforderlich ist, ob eine Verpflichtung besteht, die personenbezogenen Daten bereitzustellen, und welche Folgen die Nichtbereitstellung der personenbezogenen Daten h\u00e4tte.<\/p>\n<h1><a name=\"_Toc513902942\"><\/a> 12.\u00a0\u00a0\u00a0 WP-SlimStat<\/h1>\n<p>Diese Website nutzt WP-SlimStat (http:\/\/wordpress.org\/extend\/plugins\/wp-slimstat\/), einen Webanalysedienst. WP-SlimStats verwendet sogenannte \u201cCookies\u201d, Textdateien, die auf Ihrem Computer gespeichert werden und die eine Analyse der Benutzung der Website durch Sie erm\u00f6glicht.<br \/>\nDie durch den Cookie erzeugten Informationen \u00fcber Ihre Benutzung dieser Website (einschlie\u00dflich Ihrer IP-Adresse) bleiben dabei unter der Datenhoheit von nautic-film.de. Die IP-Adresse wird bei der Berarbeitung gek\u00fcrzt (\u201eAnonymizeIP-Plugin\u201c), d.h. es werden Teile der IP-Adresse entfernt um eine eindeutige Zuordnung zu unterbinden. Wir benutzen diese Informationen, um die Nutzung unserer Webseites auszuwerten und um Reports \u00fcber die Websiteaktivit\u00e4ten zusammenzustellen. Wir werden diese Informationen nicht an Dritte \u00fcbertragen.<br \/>\nSie k\u00f6nnen die Installation der Cookies durch eine entsprechende Einstellung Ihrer Browser Software verhindern; wir weisen Sie jedoch darauf hin, dass Sie in diesem Fall gegebenenfalls nicht s\u00e4mtliche Funktionen dieser Website voll umf\u00e4nglich nutzen k\u00f6nnen.<\/p>\n<h1><a name=\"_Toc513902947\"><\/a><strong>\u00a0 <\/strong><strong>13. <\/strong><strong>Facebook <\/strong><\/h1>\n<p>Unsere Webseite verwendet Social Plugins (Plugins) des sozialen Netzwerkes von Facebook. Dieser Dienst wird von der Facebook Inc. (Facebook), 1601 S. California Ave, Palo Alto, CA 94304, USA betrieben. Die Plugins sind an einem der verschiedenen Facebook Logos erkennbar (wei\u00dfes \u201ef\u201c auf blauer Kachel oder ein \u201eDaumen hoch\u201c-Zeichen) oder sind mit dem Zusatz \u201cFacebook Social Plugin\u201d gekennzeichnet. Die Liste und das Aussehen der Facebook Social Plugins kann hier eingesehen werden: <a href=\"https:\/\/developers.facebook.com\/docs\/plugins\/\">https:\/\/developers.facebook.com\/docs\/plugins\/<\/a>.<\/p>\n<p>Wenn ein Nutzer eine Webseite unseres Webangebots besucht, die ein solches Plugin enth\u00e4lt, baut sein Browser eine direkte Verbindung mit den Servern von Facebook auf. Der Inhalt des Plugins wird von Facebook direkt an Ihren Browser \u00fcbermittelt und von diesem in die Webseite eingebunden. Wir haben daher keinen Einfluss auf den Umfang der Daten, die Facebook mit Hilfe dieses Plugins erhebt und informieren die Betroffenen daher entsprechend seinem Kenntnisstand:<\/p>\n<p>Durch die Einbindung der Plugins erh\u00e4lt Facebook die Information, dass ein Nutzer die entsprechende Seite des Angebots aufgerufen hat. Ist der Nutzer bei Facebook eingeloggt, kann Facebook den Besuch seinem Facebook-Konto zuordnen. Wenn Nutzer mit den Plugins interagieren, zum Beispiel den Like Button bet\u00e4tigen oder einen Kommentar abgeben, wird die entsprechende Information von Ihrem Browser direkt an Facebook \u00fcbermittelt und dort gespeichert. Falls ein Nutzer kein Mitglied von Facebook ist, besteht trotzdem die M\u00f6glichkeit, dass Facebook seine IP-Adresse in Erfahrung bringt und speichert. Laut Facebook wird in Deutschland nur eine anonymisierte IP-Adresse gespeichert.<\/p>\n<p>Zweck und Umfang der Datenerhebung und die weitere Verarbeitung und Nutzung der Daten durch Facebook sowie die diesbez\u00fcglichen Rechte und Einstellungsm\u00f6glichkeiten zum Schutz der Privatsph\u00e4re der Nutzer, k\u00f6nnen diese den Datenschutz-Hinweisen von Facebook entnehmen: <a href=\"https:\/\/www.facebook.com\/about\/privacy\/\">https:\/\/www.facebook.com\/about\/privacy\/<\/a>.<\/p>\n<p>Wenn ein Nutzer Facebook-Mitglied ist und nicht m\u00f6chte, dass Facebook \u00fcber dieses Angebot Daten \u00fcber ihn sammelt und mit seinen bei Facebook gespeicherten Mitgliedsdaten verkn\u00fcpft, muss er sich vor dem Besuch des Internetauftritts bei Facebook ausloggen.<\/p>\n<p>Weitere Einstellungen und Widerspr\u00fcche zur Nutzung von Daten f\u00fcr Werbezwecke, sind innerhalb der Facebook-Profileinstellungen m\u00f6glich: <a href=\"https:\/\/www.facebook.com\/settings?tab=ads\">https:\/\/www.facebook.com\/settings?tab=ads<\/a> oder \u00fcber die Webseite <a href=\"http:\/\/www.youronlinechoices.com\/\">http:\/\/www.youronlinechoices.com\/<\/a>. Die Einstellungen erfolgen plattformunabh\u00e4ngig, d.h. sie werden f\u00fcr alle Ger\u00e4te, wie Desktopcomputer oder mobile Ger\u00e4te \u00fcbernommen.<\/p>\n<h1><a name=\"_Toc513902950\"><\/a> 14. <strong>Kommunikation per Facebook Messenger <\/strong><\/h1>\n<p>Dieses Angebot verwendet als zus\u00e4tzliches Kommunikationsmedium den Facebook Messenger der Facebook Inc., 1601 S. California Ave, Palo Alto, CA 94304, USA (\u201cFacebook\u201d). Die Daten und Inhalte der Kommunikation werden \u00fcber Server in den USA verarbeitet. Facebook wertet zudem die Meta-Daten der Kommunikation f\u00fcr Werbe-Zwecke aus, jedoch nicht den Inhalt der Nachrichten.<\/p>\n<p><a name=\"_Toc513902951\"><\/a>Weitere Details entnehmen Sie bitte der Datenschutz-Richtlinie von Facebook: <a href=\"https:\/\/www.facebook.com\/about\/privacy\/\">https:\/\/www.facebook.com\/about\/privacy\/<\/a>.<\/p>\n<h1><a name=\"_Toc513902956\"><\/a>15.\u00a0\u00a0\u00a0 Google Maps<\/h1>\n<p>Diese Seite nutzt Funktionen des Kartendiensts Google Maps. Anbieter ist Google LLC, 1600 Amphitheatre Parkway, Mountain View, CA 94043, USA, E-Mail: support-de@google.com. Zur Nutzung der Funktionen von Google Maps ist es notwendig, Ihre IP Adresse zu speichern. Diese Informationen werden in der Regel an einen Server von Google in den USA \u00fcbertragen und dort gespeichert. Der Anbieter dieser Seite hat keinen Einfluss auf diese Daten\u00fcbertragung.<\/p>\n<p>Die Nutzung von Google Maps erfolgt im Interesse einer ansprechenden Darstellung unserer Online-Angebote und an einer leichten Auffindbarkeit der von uns auf der Website angegebenen Orte. Dies stellt ein berechtigtes Interesse im Sinne von Art. 6 Abs. 1 lit. f DSGVO dar.<\/p>\n<p>Mehr Informationen zum Umgang mit Nutzerdaten finden Sie in der Datenschutzerkl\u00e4rung von Google: <a href=\"https:\/\/www.google.de\/intl\/de\/policies\/privacy\/\">https:\/\/www.google.de\/intl\/de\/policies\/privacy\/<\/a>.<\/p>\n<h1><a name=\"_Toc513902956\"><\/a>16.\u00a0\u00a0\u00a0 Google reCAPTCHA<\/h1>\n<p>Wir verwenden den Google-Dienst reCaptcha, um festzustellen, ob ein Mensch oder ein Computer eine bestimmte Eingabe in unserem Kontakt- oder Newsletter-Formular macht. Google pr\u00fcft anhand folgender Daten, ob Sie ein Mensch oder ein Computer sind: IP-Adresse des verwendeten Endger\u00e4ts, die Webseite, die Sie bei uns besuchen und auf der das Captcha eingebunden ist, das Datum und die Dauer des Besuchs, die Erkennungsdaten des verwendeten Browser- und Betriebssystem-Typs, Google-Account, wenn Sie bei Google eingeloggt sind, Mausbewegungen auf den reCaptcha-Fl\u00e4chen sowie Aufgaben, bei denen Sie Bilder identifizieren m\u00fcssen. Rechtsgrundlage f\u00fcr die beschriebene Datenverarbeitung ist Art. 6 Abs. 1 lit. f Datenschutz-Grundverordnung. Es besteht ein berechtigtes Interesse auf unserer Seite an dieser Datenverarbeitung, die Sicherheit unserer Webseite zu gew\u00e4hrleisten und uns vor automatisierten Eingaben (Angriffen) zu sch\u00fctzen.<\/p>\n","protected":false},"excerpt":{"rendered":"<p>Datenschutzerkl\u00e4rung Vielen Dank f\u00fcr den Besuch unserer Webseite. F\u00fcr die Gesch\u00e4ftsf\u00fchrung der BEObewegt GbR hat der Schutz Ihrer Daten einen besonderen Stellenwert. Die Nutzung unserer Webseiten ist ohne jede Angabe von personenbezogenen Daten m\u00f6glich. Sofern Sie einen besonderen Service der BEObewegt GbR \u00fcber unsere Webseite in Anspruch nehmen m\u00f6chten, k\u00f6nnte die Verarbeitung von personenbezogenen Daten [&hellip;]<\/p>\n","protected":false},"author":2,"featured_media":0,"parent":0,"menu_order":0,"comment_status":"closed","ping_status":"closed","template":"","meta":{"footnotes":""},"class_list":["post-193","page","type-page","status-publish","hentry"],"_links":{"self":[{"href":"https:\/\/www.beo-bewegt.de\/bgm\/wp-json\/wp\/v2\/pages\/193","targetHints":{"allow":["GET"]}}],"collection":[{"href":"https:\/\/www.beo-bewegt.de\/bgm\/wp-json\/wp\/v2\/pages"}],"about":[{"href":"https:\/\/www.beo-bewegt.de\/bgm\/wp-json\/wp\/v2\/types\/page"}],"author":[{"embeddable":true,"href":"https:\/\/www.beo-bewegt.de\/bgm\/wp-json\/wp\/v2\/users\/2"}],"replies":[{"embeddable":true,"href":"https:\/\/www.beo-bewegt.de\/bgm\/wp-json\/wp\/v2\/comments?post=193"}],"version-history":[{"count":11,"href":"https:\/\/www.beo-bewegt.de\/bgm\/wp-json\/wp\/v2\/pages\/193\/revisions"}],"predecessor-version":[{"id":547,"href":"https:\/\/www.beo-bewegt.de\/bgm\/wp-json\/wp\/v2\/pages\/193\/revisions\/547"}],"wp:attachment":[{"href":"https:\/\/www.beo-bewegt.de\/bgm\/wp-json\/wp\/v2\/media?parent=193"}],"curies":[{"name":"wp","href":"https:\/\/api.w.org\/{rel}","templated":true}]}}